{"id":8757,"date":"2022-04-19T13:38:24","date_gmt":"2022-04-19T13:38:24","guid":{"rendered":"https:\/\/artemovimiento.es\/historico\/yatra-andres-marin-kader-attou-divana-philarmonie-de-paris-2015\/"},"modified":"2022-07-14T09:35:51","modified_gmt":"2022-07-14T09:35:51","slug":"yatra-andres-marin-kader-attou-divana-philarmonie-de-paris-2015","status":"publish","type":"historico","link":"https:\/\/artemovimiento.es\/en\/historico\/yatra-andres-marin-kader-attou-divana-philarmonie-de-paris-2015\/","title":{"rendered":"Y\u0100TR\u0100 ANDR\u00c9S MAR\u00cdN &amp; KADER ATTOU &amp; DIVANA PHILARMONIE DE PARIS 2015"},"content":{"rendered":"\t\t<div data-elementor-type=\"wp-post\" data-elementor-id=\"8757\" class=\"elementor elementor-8757 elementor-7451\" data-elementor-post-type=\"historico\">\n\t\t\t\t\t\t<section class=\"elementor-section elementor-top-section elementor-element elementor-element-2bab4fcf elementor-section-full_width elementor-section-height-default elementor-section-height-default\" data-id=\"2bab4fcf\" data-element_type=\"section\" data-e-type=\"section\">\n\t\t\t\t\t\t<div class=\"elementor-container elementor-column-gap-default\">\n\t\t\t\t\t<div class=\"elementor-column elementor-col-100 elementor-top-column elementor-element elementor-element-74df9cf\" data-id=\"74df9cf\" data-element_type=\"column\" data-e-type=\"column\">\n\t\t\t<div class=\"elementor-widget-wrap elementor-element-populated\">\n\t\t\t\t\t\t<section class=\"elementor-section elementor-inner-section elementor-element elementor-element-4c78fff8 elementor-section-full_width elementor-reverse-mobile elementor-section-height-default elementor-section-height-default\" data-id=\"4c78fff8\" data-element_type=\"section\" data-e-type=\"section\">\n\t\t\t\t\t\t<div class=\"elementor-container elementor-column-gap-no\">\n\t\t\t\t\t<div class=\"elementor-column elementor-col-50 elementor-inner-column elementor-element elementor-element-7691b79e\" data-id=\"7691b79e\" data-element_type=\"column\" data-e-type=\"column\">\n\t\t\t<div class=\"elementor-widget-wrap elementor-element-populated\">\n\t\t\t\t\t\t<div class=\"elementor-element elementor-element-319ac96c elementor--h-position-center elementor--v-position-middle elementor-arrows-position-inside elementor-widget elementor-widget-slides\" data-id=\"319ac96c\" data-element_type=\"widget\" data-e-type=\"widget\" data-settings=\"{&quot;navigation&quot;:&quot;arrows&quot;,&quot;autoplay&quot;:&quot;yes&quot;,&quot;pause_on_hover&quot;:&quot;yes&quot;,&quot;pause_on_interaction&quot;:&quot;yes&quot;,&quot;autoplay_speed&quot;:5000,&quot;infinite&quot;:&quot;yes&quot;,&quot;transition&quot;:&quot;slide&quot;,&quot;transition_speed&quot;:500}\" data-widget_type=\"slides.default\">\n\t\t\t\t\t\t\t\t\t\t<div class=\"elementor-slides-wrapper elementor-main-swiper swiper\" role=\"region\" aria-roledescription=\"carousel\" aria-label=\"Slides\" dir=\"ltr\" data-animation=\"fadeInUp\">\n\t\t\t\t<div class=\"swiper-wrapper elementor-slides\">\n\t\t\t\t\t\t\t\t\t\t<div class=\"elementor-repeater-item-e46cde4 swiper-slide\" role=\"group\" aria-roledescription=\"slide\"><div class=\"swiper-slide-bg\" role=\"img\" aria-label=\"AndresMarin_Yatra\"><\/div><div class=\"swiper-slide-inner\" ><div class=\"swiper-slide-contents\"><\/div><\/div><\/div>\t\t\t\t<\/div>\n\t\t\t\t\t\t\t<\/div>\n\t\t\t\t\t\t\t\t<\/div>\n\t\t\t\t\t<\/div>\n\t\t<\/div>\n\t\t\t\t<div class=\"elementor-column elementor-col-50 elementor-inner-column elementor-element elementor-element-60e585df\" data-id=\"60e585df\" data-element_type=\"column\" data-e-type=\"column\">\n\t\t\t<div class=\"elementor-widget-wrap elementor-element-populated\">\n\t\t\t\t\t\t<div class=\"elementor-element elementor-element-5b6f0ae1 elementor-widget elementor-widget-heading\" data-id=\"5b6f0ae1\" data-element_type=\"widget\" data-e-type=\"widget\" data-widget_type=\"heading.default\">\n\t\t\t\t\t<h2 class=\"elementor-heading-title elementor-size-default\">Philarmonie de Paris<\/h2>\t\t\t\t<\/div>\n\t\t\t\t<div class=\"elementor-element elementor-element-c5103ef elementor-widget elementor-widget-text-editor\" data-id=\"c5103ef\" data-element_type=\"widget\" data-e-type=\"widget\" data-widget_type=\"text-editor.default\">\n\t\t\t\t\t\t\t\t\t<strong>Creation 2015<\/strong><br>\n\nChoreography: Andr\u00e9s Mar\u00edn &amp; Kader Attou\nCoproduction Le Man\u00e8ge Sc\u00e8ne Nationale de Maubeuge \/ Philharmonie de Par\u00eds \/ Artemovimiento\nA choreography by Andr\u00e9s Mar\u00edn and Kader Attou, mixing flamenco, hip hop and Indian music by the Ensemble Divana.\n\t\t\t\t\t\t\t\t<\/div>\n\t\t\t\t\t<\/div>\n\t\t<\/div>\n\t\t\t\t\t<\/div>\n\t\t<\/section>\n\t\t\t\t<div class=\"elementor-element elementor-element-260f3652 elementor-widget elementor-widget-video\" data-id=\"260f3652\" data-element_type=\"widget\" data-e-type=\"widget\" data-settings=\"{&quot;video_type&quot;:&quot;vimeo&quot;}\" data-widget_type=\"video.default\">\n\t\t\t\t\t\t\t<div class=\"elementor-wrapper elementor-open-inline\">\n\t\t\t<iframe class=\"elementor-video-iframe\" allowfullscreen allow=\"clipboard-write\" title=\"youtube Video Player\" src=\"https:\/\/www.youtube.com\/embed\/yPoz62tmajg?feature=oembed&amp;color&amp;autopause=0&amp;loop=0&amp;muted=0&amp;title=1&amp;portrait=1&amp;byline=1\"><\/iframe>\t\t<\/div>\n\t\t\t\t\t\t<\/div>\n\t\t\t\t<div class=\"elementor-element elementor-element-e6f3d3a elementor-widget elementor-widget-video\" data-id=\"e6f3d3a\" data-element_type=\"widget\" data-e-type=\"widget\" data-settings=\"{&quot;video_type&quot;:&quot;vimeo&quot;}\" data-widget_type=\"video.default\">\n\t\t\t\t\t\t\t<div class=\"elementor-wrapper elementor-open-inline\">\n\t\t\t<iframe class=\"elementor-video-iframe\" allowfullscreen allow=\"clipboard-write\" title=\"vimeo Video Player\" src=\"https:\/\/player.vimeo.com\/video\/125144000?color&amp;autopause=0&amp;loop=0&amp;muted=0&amp;title=1&amp;portrait=1&amp;byline=1#t=\"><\/iframe>\t\t<\/div>\n\t\t\t\t\t\t<\/div>\n\t\t\t\t\t<\/div>\n\t\t<\/div>\n\t\t\t\t\t<\/div>\n\t\t<\/section>\n\t\t\t\t<\/div>\n\t\t","protected":false},"featured_media":0,"template":"","class_list":["post-8757","historico","type-historico","status-publish","hentry"],"acf":[],"_links":{"self":[{"href":"https:\/\/artemovimiento.es\/en\/wp-json\/wp\/v2\/historico\/8757","targetHints":{"allow":["GET"]}}],"collection":[{"href":"https:\/\/artemovimiento.es\/en\/wp-json\/wp\/v2\/historico"}],"about":[{"href":"https:\/\/artemovimiento.es\/en\/wp-json\/wp\/v2\/types\/historico"}],"version-history":[{"count":0,"href":"https:\/\/artemovimiento.es\/en\/wp-json\/wp\/v2\/historico\/8757\/revisions"}],"wp:attachment":[{"href":"https:\/\/artemovimiento.es\/en\/wp-json\/wp\/v2\/media?parent=8757"}],"curies":[{"name":"wp","href":"https:\/\/api.w.org\/{rel}","templated":true}]}}