{"id":8624,"date":"2022-02-08T09:49:49","date_gmt":"2022-02-08T09:49:49","guid":{"rendered":"https:\/\/artemovimiento.es\/nous\/"},"modified":"2024-04-10T12:02:06","modified_gmt":"2024-04-10T12:02:06","slug":"nous","status":"publish","type":"page","link":"https:\/\/artemovimiento.es\/fr\/nous\/","title":{"rendered":"Nous"},"content":{"rendered":"\t\t<div data-elementor-type=\"wp-page\" data-elementor-id=\"8624\" class=\"elementor elementor-8624 elementor-5995\" data-elementor-post-type=\"page\">\n\t\t\t\t\t\t<section class=\"elementor-section elementor-top-section elementor-element elementor-element-bfbaf21 elementor-section-boxed elementor-section-height-default elementor-section-height-default\" data-id=\"bfbaf21\" data-element_type=\"section\" data-e-type=\"section\">\n\t\t\t\t\t\t<div class=\"elementor-container elementor-column-gap-default\">\n\t\t\t\t\t<div class=\"elementor-column elementor-col-33 elementor-top-column elementor-element elementor-element-f5a8802\" data-id=\"f5a8802\" data-element_type=\"column\" data-e-type=\"column\">\n\t\t\t<div class=\"elementor-widget-wrap elementor-element-populated\">\n\t\t\t\t\t\t<div class=\"elementor-element elementor-element-0d02d34 elementor-widget__width-initial elementor-widget elementor-widget-image\" data-id=\"0d02d34\" data-element_type=\"widget\" data-e-type=\"widget\" data-widget_type=\"image.default\">\n\t\t\t\t\t\t\t\t\t\t\t\t\t\t\t<img decoding=\"async\" src=\"https:\/\/artemovimiento.es\/wp-content\/uploads\/elementor\/thumbs\/ArteMovimiento-Daniela-Lazary-qm6iwtt82uptbhpqgn2w3gn5g5mh1p1yxqgxanqeps.jpg\" title=\"ArteMovimiento &#8211; Daniela Lazary\" alt=\"ArteMovimiento - Daniela Lazary\" loading=\"lazy\" \/>\t\t\t\t\t\t\t\t\t\t\t\t\t\t\t<\/div>\n\t\t\t\t\t<\/div>\n\t\t<\/div>\n\t\t\t\t<div class=\"elementor-column elementor-col-66 elementor-top-column elementor-element elementor-element-407d893\" data-id=\"407d893\" data-element_type=\"column\" data-e-type=\"column\">\n\t\t\t<div class=\"elementor-widget-wrap elementor-element-populated\">\n\t\t\t\t\t\t<div class=\"elementor-element elementor-element-160f700 elementor-widget elementor-widget-heading\" data-id=\"160f700\" data-element_type=\"widget\" data-e-type=\"widget\" data-widget_type=\"heading.default\">\n\t\t\t\t\t<h2 class=\"elementor-heading-title elementor-size-default\">Artemovimiento<\/h2>\t\t\t\t<\/div>\n\t\t\t\t<div class=\"elementor-element elementor-element-75811f0 elementor-widget elementor-widget-text-editor\" data-id=\"75811f0\" data-element_type=\"widget\" data-e-type=\"widget\" data-widget_type=\"text-editor.default\">\n\t\t\t\t\t\t\t\t\t<p>Daniela Lazary, fran\u00e7aise \u00e9tablie \u00e0 S\u00e9ville, cr\u00e9e ARTE Y MOVIMIENTO PRODUCCIONES SLU en 1999 en tant que consultante experte en flamenco (danse, musique et chant), apportant diff\u00e9renciation et prestige professionnel \u00e0 tous ses projets.<\/p>\n<p>ARTE y MOVIMIENTO Producciones SL, bas\u00e9e \u00e0 S\u00e9ville, est une entreprise d\u00e9di\u00e9e \u00e0 la production, \u00e0 la promotion et \u00e0 la diffusion de l&rsquo;art flamenco.<\/p>\n<p>En tant qu\u2019entreprise engag\u00e9e envers le flamenco, elle contribue au d\u00e9veloppement de la carri\u00e8re artistique d&rsquo;artistes de talent tels que Andr\u00e9s Mar\u00edn, David Coria, Paula Comitre, Florencia OZ, en collaboration avec des institutions andalouses telles que l&rsquo;Agencia Andaluza de Instituciones Culturales, la Bienal de Flamenco de Sevilla ICAS, et avec le soutien de th\u00e9\u00e2tres nationaux fran\u00e7ais prestigieux qui se fient \u00e0 ses crit\u00e8res. Elle d\u00e9couvre de jeunes artistes et les accompagne dans la mise en place de leurs projets artistiques. Elle d\u00e9couvre de jeunes artistes et les accompagne dans la mise en place de leurs projets artistiques.<\/p>\n<p>L&rsquo;engagement d&rsquo;<strong>ARTEMOVIMIENTO<\/strong> va au-del\u00e0 de la production et de la distribution de spectacles, elle con\u00e7oit des \u00e9v\u00e9nements artistiques exclusifs en collaborant avec des entit\u00e9s culturelles comme :<\/p>\n<ul>\n<li>Direction de production et conseil en programmation pour les 6 Biennales de l&rsquo;Art Flamenco \u00e0 Paris \u00e0 Chaillot, Th\u00e9\u00e2tre National de la danse : 2013 &#8211; 2015 &#8211; 2017 &#8211; 2020 &#8211; 2022 &#8211; 2024.<\/li>\n<li>Programmation du Festival Flamenco de La Villette (Paris).<\/li>\n<li>Direction de production de projets qui ouvrent le flamenco \u00e0 d&rsquo;autres cultures, comme le Festival des musiques sacr\u00e9es du monde \u00e0 F\u00e8s (Maroc).<\/li>\n<\/ul>\n<p>Son exp\u00e9rience et sa connaissance du march\u00e9 ont fait <strong>d&rsquo;ARTEMOVIMIENTO une marque artistique de r\u00e9f\u00e9rence<\/strong>, reconnue pour la qualit\u00e9 de ses propositions.<\/p>\n\t\t\t\t\t\t\t\t<\/div>\n\t\t\t\t\t<\/div>\n\t\t<\/div>\n\t\t\t\t\t<\/div>\n\t\t<\/section>\n\t\t\t\t<section class=\"elementor-section elementor-top-section elementor-element elementor-element-64cabf8 elementor-section-boxed elementor-section-height-default elementor-section-height-default\" data-id=\"64cabf8\" data-element_type=\"section\" data-e-type=\"section\">\n\t\t\t\t\t\t<div class=\"elementor-container elementor-column-gap-default\">\n\t\t\t\t\t<div class=\"elementor-column elementor-col-50 elementor-top-column elementor-element elementor-element-da10f5a\" data-id=\"da10f5a\" data-element_type=\"column\" data-e-type=\"column\">\n\t\t\t<div class=\"elementor-widget-wrap elementor-element-populated\">\n\t\t\t\t\t\t<div class=\"elementor-element elementor-element-cd9813b elementor-widget__width-initial elementor-widget elementor-widget-image\" data-id=\"cd9813b\" data-element_type=\"widget\" data-e-type=\"widget\" data-widget_type=\"image.default\">\n\t\t\t\t\t\t\t\t\t\t\t\t\t\t\t<img loading=\"lazy\" decoding=\"async\" width=\"150\" height=\"150\" src=\"https:\/\/artemovimiento.es\/wp-content\/uploads\/2014\/09\/am_logo.png\" class=\"attachment-thumbnail size-thumbnail wp-image-4521\" alt=\"\" \/>\t\t\t\t\t\t\t\t\t\t\t\t\t\t\t<\/div>\n\t\t\t\t\t<\/div>\n\t\t<\/div>\n\t\t\t\t<div class=\"elementor-column elementor-col-50 elementor-top-column elementor-element elementor-element-b03b68b\" data-id=\"b03b68b\" data-element_type=\"column\" data-e-type=\"column\">\n\t\t\t<div class=\"elementor-widget-wrap elementor-element-populated\">\n\t\t\t\t\t\t<div class=\"elementor-element elementor-element-3b17328 elementor-widget elementor-widget-heading\" data-id=\"3b17328\" data-element_type=\"widget\" data-e-type=\"widget\" data-widget_type=\"heading.default\">\n\t\t\t\t\t<h2 class=\"elementor-heading-title elementor-size-default\">\u00c9quipe<\/h2>\t\t\t\t<\/div>\n\t\t\t\t<div class=\"elementor-element elementor-element-4c8c0dc elementor-widget elementor-widget-text-editor\" data-id=\"4c8c0dc\" data-element_type=\"widget\" data-e-type=\"widget\" data-widget_type=\"text-editor.default\">\n\t\t\t\t\t\t\t\t\t<p><strong>Daniela Lazary<\/strong> Directrice<br \/><strong>Claire Fayol<\/strong> Collaboration g\u00e9n\u00e9rale | Communication | Tour manager<br \/><strong>Silvia Daunis<\/strong> Cr\u00e9ation | Gestion<br \/><strong>Mar\u00eda Velasco<\/strong> Assistante de Production | Tour manager<br \/><strong>Amparo Hern\u00e1ndez<\/strong> Assistante de Production | Tour manager<br \/><strong>Pablo Pujol<\/strong> Coordination technique<br \/><strong>Jean-Louis Duzert | Alain Scherer<\/strong> Collaboration sp\u00e9ciale photos<br \/><strong>Cuzgow.com<\/strong> Web<br \/><strong>Servicios Inform\u00e1ticos 1994 SL<\/strong> Service informatique<br \/><strong>Aguirre &amp; Aspe Asesor SL<\/strong> Conseil droit du travail et fiscal<\/p>\n\t\t\t\t\t\t\t\t<\/div>\n\t\t\t\t\t<\/div>\n\t\t<\/div>\n\t\t\t\t\t<\/div>\n\t\t<\/section>\n\t\t\t\t<section class=\"elementor-section elementor-top-section elementor-element elementor-element-f807bdd elementor-section-boxed elementor-section-height-default elementor-section-height-default\" data-id=\"f807bdd\" data-element_type=\"section\" data-e-type=\"section\">\n\t\t\t\t\t\t<div class=\"elementor-container elementor-column-gap-default\">\n\t\t\t\t\t<div class=\"elementor-column elementor-col-50 elementor-top-column elementor-element elementor-element-6a1a4b4\" data-id=\"6a1a4b4\" data-element_type=\"column\" data-e-type=\"column\">\n\t\t\t<div class=\"elementor-widget-wrap\">\n\t\t\t\t\t\t\t<\/div>\n\t\t<\/div>\n\t\t\t\t<div class=\"elementor-column elementor-col-50 elementor-top-column elementor-element elementor-element-e768776\" data-id=\"e768776\" data-element_type=\"column\" data-e-type=\"column\">\n\t\t\t<div class=\"elementor-widget-wrap elementor-element-populated\">\n\t\t\t\t\t\t<div class=\"elementor-element elementor-element-f3000e9 elementor-widget elementor-widget-heading\" data-id=\"f3000e9\" data-element_type=\"widget\" data-e-type=\"widget\" data-widget_type=\"heading.default\">\n\t\t\t\t\t<h2 class=\"elementor-heading-title elementor-size-default\">Cr\u00e9dits Photos<\/h2>\t\t\t\t<\/div>\n\t\t\t\t\t<\/div>\n\t\t<\/div>\n\t\t\t\t\t<\/div>\n\t\t<\/section>\n\t\t\t\t<section class=\"elementor-section elementor-top-section elementor-element elementor-element-79b1631 elementor-section-boxed elementor-section-height-default elementor-section-height-default\" data-id=\"79b1631\" data-element_type=\"section\" data-e-type=\"section\">\n\t\t\t\t\t\t<div class=\"elementor-container elementor-column-gap-default\">\n\t\t\t\t\t<div class=\"elementor-column elementor-col-25 elementor-top-column elementor-element elementor-element-1c4f1e9\" data-id=\"1c4f1e9\" data-element_type=\"column\" data-e-type=\"column\">\n\t\t\t<div class=\"elementor-widget-wrap elementor-element-populated\">\n\t\t\t\t\t\t<div class=\"elementor-element elementor-element-80d737c elementor-widget__width-initial elementor-widget elementor-widget-image\" data-id=\"80d737c\" data-element_type=\"widget\" data-e-type=\"widget\" data-widget_type=\"image.default\">\n\t\t\t\t\t\t\t\t\t\t\t\t\t\t\t<img decoding=\"async\" src=\"https:\/\/artemovimiento.es\/wp-content\/uploads\/elementor\/thumbs\/5a369c420ccf58.1127678415135283860525-q48nbcxo9c3ghyw2vp7h4vu4wyhlwker6mvt7fd5cs.png\" title=\"5a369c420ccf58.1127678415135283860525\" alt=\"5a369c420ccf58.1127678415135283860525\" loading=\"lazy\" \/>\t\t\t\t\t\t\t\t\t\t\t\t\t\t\t<\/div>\n\t\t\t\t\t<\/div>\n\t\t<\/div>\n\t\t\t\t<div class=\"elementor-column elementor-col-25 elementor-top-column elementor-element elementor-element-ec9fdfc\" data-id=\"ec9fdfc\" data-element_type=\"column\" data-e-type=\"column\">\n\t\t\t<div class=\"elementor-widget-wrap elementor-element-populated\">\n\t\t\t\t\t\t<div class=\"elementor-element elementor-element-21bf26d elementor-widget elementor-widget-text-editor\" data-id=\"21bf26d\" data-element_type=\"widget\" data-e-type=\"widget\" data-widget_type=\"text-editor.default\">\n\t\t\t\t\t\t\t\t\t<p>Alain Scherer<br \/>Alejandro Espadero<br \/>Ana Palma<br \/>Andrea Olivo<br \/>Andr\u00e9s Ram\u00edrez<br \/>\u00c1ngel Montalban<br \/>Antonio Acedo<br \/>Antonio G\u00f3mez<br \/>Beatrix Mexi Molnar<br \/>Casa Patas<br \/>Claudia Ruiz Caro<br \/>Daniel M Patinga<br \/>Daniel Mu\u00f1oz<br \/>Eleonora Sole Travagli<br \/>Eyal Hirch<br \/>Gema Gal\u00e1n<br \/>Gregori Civera<\/p>\n\t\t\t\t\t\t\t\t<\/div>\n\t\t\t\t\t<\/div>\n\t\t<\/div>\n\t\t\t\t<div class=\"elementor-column elementor-col-25 elementor-top-column elementor-element elementor-element-2f42d48\" data-id=\"2f42d48\" data-element_type=\"column\" data-e-type=\"column\">\n\t\t\t<div class=\"elementor-widget-wrap elementor-element-populated\">\n\t\t\t\t\t\t<div class=\"elementor-element elementor-element-c6ced0a elementor-widget elementor-widget-text-editor\" data-id=\"c6ced0a\" data-element_type=\"widget\" data-e-type=\"widget\" data-widget_type=\"text-editor.default\">\n\t\t\t\t\t\t\t\t\t<p>Harry Benhaiem<br \/>JC Nievas<br \/>Javier Caro<br \/>Javier Fergo<br \/>Jean Barak<br \/>Jean-Louis Duzert<br \/>Jes\u00fas Vallinas<br \/>Jose\u0301 Miguel Peren\u0303iguez<br \/>Josep Aznar<br \/>Joss Rodriguez<br \/>Juan Tom\u00e1s<br \/>Laura Abad<br \/>Laurent Paillier<br \/>Leo Marina<br \/>Lolo Vasco<br \/>Luis Castilla<br \/>Manuel Naranjo Martell<\/p>\n\t\t\t\t\t\t\t\t<\/div>\n\t\t\t\t\t<\/div>\n\t\t<\/div>\n\t\t\t\t<div class=\"elementor-column elementor-col-25 elementor-top-column elementor-element elementor-element-94f061d\" data-id=\"94f061d\" data-element_type=\"column\" data-e-type=\"column\">\n\t\t\t<div class=\"elementor-widget-wrap elementor-element-populated\">\n\t\t\t\t\t\t<div class=\"elementor-element elementor-element-65017bf elementor-widget elementor-widget-text-editor\" data-id=\"65017bf\" data-element_type=\"widget\" data-e-type=\"widget\" data-widget_type=\"text-editor.default\">\n\t\t\t\t\t\t\t\t\t<p>Maria Agar Mart\u00ednez<br \/>Marian Adreani<br \/>Mart\u00edn Guerrero<br \/>Michel Juvet<br \/>Miguel \u00c1ngel Gonz\u00e1lez<br \/>Olga Holguin<br \/>Oscar Romero<br \/>Pablo O\u2019Ryan<br \/>Paco S\u00e1nchez<br \/>Paco Villalta<br \/>Palero&amp;Lamban<br \/>Patrick Berger<br \/>Rafael Cavalle<br \/>Rafael Estevez<br \/>Rina Srabonian<br \/>Roza Zah<br \/>Susana Giron<br \/>TNC<\/p>\n\t\t\t\t\t\t\t\t<\/div>\n\t\t\t\t\t<\/div>\n\t\t<\/div>\n\t\t\t\t\t<\/div>\n\t\t<\/section>\n\t\t\t\t<section class=\"elementor-section elementor-top-section elementor-element elementor-element-0825ece elementor-section-boxed elementor-section-height-default elementor-section-height-default\" data-id=\"0825ece\" data-element_type=\"section\" data-e-type=\"section\">\n\t\t\t\t\t\t<div class=\"elementor-container elementor-column-gap-default\">\n\t\t\t\t\t<div class=\"elementor-column elementor-col-100 elementor-top-column elementor-element elementor-element-bda451b\" data-id=\"bda451b\" data-element_type=\"column\" data-e-type=\"column\">\n\t\t\t<div class=\"elementor-widget-wrap\">\n\t\t\t\t\t\t\t<\/div>\n\t\t<\/div>\n\t\t\t\t\t<\/div>\n\t\t<\/section>\n\t\t\t\t<\/div>\n\t\t","protected":false},"excerpt":{"rendered":"<p>Artemovimiento Daniela Lazary, fran\u00e7aise \u00e9tablie \u00e0 S\u00e9ville, cr\u00e9e ARTE Y MOVIMIENTO PRODUCCIONES SLU en 1999 en tant que consultante experte en flamenco (danse, musique et chant), apportant diff\u00e9renciation et prestige professionnel \u00e0 tous ses projets. ARTE y MOVIMIENTO Producciones SL, bas\u00e9e \u00e0 S\u00e9ville, est une entreprise d\u00e9di\u00e9e \u00e0 la production, \u00e0 la promotion et \u00e0 [&hellip;]<\/p>\n","protected":false},"author":3,"featured_media":0,"parent":0,"menu_order":0,"comment_status":"closed","ping_status":"closed","template":"","meta":{"_acf_changed":false,"footnotes":""},"class_list":["post-8624","page","type-page","status-publish","hentry"],"acf":[],"_links":{"self":[{"href":"https:\/\/artemovimiento.es\/fr\/wp-json\/wp\/v2\/pages\/8624","targetHints":{"allow":["GET"]}}],"collection":[{"href":"https:\/\/artemovimiento.es\/fr\/wp-json\/wp\/v2\/pages"}],"about":[{"href":"https:\/\/artemovimiento.es\/fr\/wp-json\/wp\/v2\/types\/page"}],"author":[{"embeddable":true,"href":"https:\/\/artemovimiento.es\/fr\/wp-json\/wp\/v2\/users\/3"}],"replies":[{"embeddable":true,"href":"https:\/\/artemovimiento.es\/fr\/wp-json\/wp\/v2\/comments?post=8624"}],"version-history":[{"count":0,"href":"https:\/\/artemovimiento.es\/fr\/wp-json\/wp\/v2\/pages\/8624\/revisions"}],"wp:attachment":[{"href":"https:\/\/artemovimiento.es\/fr\/wp-json\/wp\/v2\/media?parent=8624"}],"curies":[{"name":"wp","href":"https:\/\/api.w.org\/{rel}","templated":true}]}}