{"id":9177,"date":"2022-04-21T11:00:55","date_gmt":"2022-04-21T11:00:55","guid":{"rendered":"https:\/\/artemovimiento.es\/mentions-legales\/"},"modified":"2022-07-14T10:58:26","modified_gmt":"2022-07-14T10:58:26","slug":"mentions-legales","status":"publish","type":"page","link":"https:\/\/artemovimiento.es\/fr\/mentions-legales\/","title":{"rendered":"Mentions l\u00e9gales"},"content":{"rendered":"\t\t<div data-elementor-type=\"wp-page\" data-elementor-id=\"9177\" class=\"elementor elementor-9177 elementor-7830\" data-elementor-post-type=\"page\">\n\t\t\t\t\t\t<section class=\"elementor-section elementor-top-section elementor-element elementor-element-ab661f8 elementor-section-boxed elementor-section-height-default elementor-section-height-default\" data-id=\"ab661f8\" data-element_type=\"section\" data-e-type=\"section\">\n\t\t\t\t\t\t<div class=\"elementor-container elementor-column-gap-default\">\n\t\t\t\t\t<div class=\"elementor-column elementor-col-100 elementor-top-column elementor-element elementor-element-e658dbb\" data-id=\"e658dbb\" data-element_type=\"column\" data-e-type=\"column\">\n\t\t\t<div class=\"elementor-widget-wrap elementor-element-populated\">\n\t\t\t\t\t\t<div class=\"elementor-element elementor-element-c05f3c9 elementor-widget elementor-widget-heading\" data-id=\"c05f3c9\" data-element_type=\"widget\" data-e-type=\"widget\" data-widget_type=\"heading.default\">\n\t\t\t\t\t<h2 class=\"elementor-heading-title elementor-size-default\">Mentions l\u00e9gales<\/h2>\t\t\t\t<\/div>\n\t\t\t\t<div class=\"elementor-element elementor-element-bd72eb1 elementor-widget elementor-widget-text-editor\" data-id=\"bd72eb1\" data-element_type=\"widget\" data-e-type=\"widget\" data-widget_type=\"text-editor.default\">\n\t\t\t\t\t\t\t\t\t<p class=\"p1\">Le pr\u00e9sent avis juridique (ci-apr\u00e8s, l'\u00a0\u00bb Avis juridique \u00ab\u00a0) r\u00e9git l&rsquo;utilisation du service du portail Internet www.artemovimiento.es (ci-apr\u00e8s, le \u00a0\u00bb Web \u00ab\u00a0) de ARTE Y MOVIMIENTO PRODUCCIONES, S.L. dont le si\u00e8ge social est situ\u00e9 \u00e0 RECAREDO, 12. 5\u00baA, SEVILLA, 41003, SEVILLA avec Siren B91110437.<span class=\"Apple-converted-space\"> <\/span><\/p><p class=\"p3\"><b>L\u00e9gislation<\/b><\/p><p class=\"p1\">En g\u00e9n\u00e9ral, les relations entre ARTE Y MOVIMIENTO PRODUCCIONES, S.L. et les utilisateurs de ses services t\u00e9l\u00e9matiques, pr\u00e9sents sur le site web, sont soumises \u00e0 la l\u00e9gislation et \u00e0 la juridiction espagnoles.<\/p><p class=\"p1\">Les parties renoncent express\u00e9ment \u00e0 toute autre juridiction qui pourrait leur correspondre et se soumettent express\u00e9ment aux Cours et Tribunaux de SEVILLE pour r\u00e9soudre toute controverse pouvant survenir dans l&rsquo;interpr\u00e9tation ou l&rsquo;ex\u00e9cution des pr\u00e9sentes conditions contractuelles.<\/p><p class=\"p3\"><b>Contenu et utilisation<\/b><\/p><p class=\"p1\">L&rsquo;utilisateur est inform\u00e9 et accepte que l&rsquo;acc\u00e8s \u00e0 ce site web n&rsquo;implique, en aucun cas, le d\u00e9but d&rsquo;une relation commerciale avec ARTE Y MOVIMIENTO PRODUCCIONES, S.L.<span class=\"s1\">.<\/span><\/p><p class=\"p1\">Le propri\u00e9taire du site ne s&rsquo;identifie pas aux opinions exprim\u00e9es par ses contributeurs. La soci\u00e9t\u00e9 se r\u00e9serve le droit d&rsquo;apporter les modifications qu&rsquo;elle juge appropri\u00e9es \u00e0 son site web sans pr\u00e9avis, et peut modifier, supprimer ou ajouter aussi bien le contenu et les services fournis par le site web que la mani\u00e8re dont ils sont pr\u00e9sent\u00e9s ou situ\u00e9s sur ses serveurs.<\/p><p class=\"p3\"><b>Propri\u00e9t\u00e9 intellectuelle et industrielle<\/b><\/p><p class=\"p1\">Les droits de propri\u00e9t\u00e9 intellectuelle du contenu des pages Web, de leur conception graphique et de leurs codes sont la propri\u00e9t\u00e9 de ARTE Y MOVIMIENTO PRODUCCIONES, S.L. et, par cons\u00e9quent, leur reproduction, distribution, communication publique, transformation ou toute autre activit\u00e9 pouvant \u00eatre r\u00e9alis\u00e9e avec le contenu de ses pages Web est interdite, sans m\u00eame citer les sources, sauf avec le consentement \u00e9crit de ARTE Y MOVIMIENTO PRODUCCIONES, S.L.<span class=\"s1\">.<\/span> Tous les noms commerciaux, marques ou signes distinctifs de toute nature contenus dans les pages web de la soci\u00e9t\u00e9 sont la propri\u00e9t\u00e9 de leurs titulaires et sont prot\u00e9g\u00e9s par la loi.<\/p><p class=\"p3\"><b>Liens<\/b><\/p><p class=\"p1\">La pr\u00e9sence de liens sur les pages web de ARTE Y MOVIMIENTO PRODUCCIONES, S.L. a un caract\u00e8re purement informatif et n&rsquo;implique en aucun cas une suggestion, une invitation ou une recommandation \u00e0 leur \u00e9gard.<\/p><p class=\"p3\"><b>Confidentialit\u00e9 et protection des donn\u00e9es<\/b><\/p><p class=\"p1\">Conform\u00e9ment au RGPD du 27 avril 2016, ARTE Y MOVIMIENTO PRODUCCIONES, S.L. informe l&rsquo;utilisateur de l&rsquo;existence d&rsquo;un traitement automatis\u00e9 de donn\u00e9es \u00e0 caract\u00e8re personnel cr\u00e9\u00e9 par et pour ARTE Y MOVIMIENTO PRODUCCIONES, S.L. et sous sa responsabilit\u00e9, dans le but d&rsquo;effectuer le maintien et la gestion de la relation avec l&rsquo;utilisateur, ainsi que des t\u00e2ches d&rsquo;information. Au moment de l&rsquo;acceptation des pr\u00e9sentes conditions g\u00e9n\u00e9rales, ARTE Y MOVIMIENTO PRODUCCIONES, S.L. demandera \u00e0 l&rsquo;utilisateur de recueillir certaines donn\u00e9es essentielles pour la prestation de ses services.<\/p><p class=\"p3\"><b>Enregistrement des dossiers et des formulaires<\/b><\/p><p class=\"p1\">Le remplissage du formulaire d&rsquo;inscription est obligatoire pour acc\u00e9der et b\u00e9n\u00e9ficier de certains services offerts sur le site. Le fait de ne pas fournir les donn\u00e9es personnelles demand\u00e9es ou de ne pas accepter cette politique de protection des donn\u00e9es implique l&rsquo;impossibilit\u00e9 de souscrire, de s&rsquo;inscrire ou de participer \u00e0 l&rsquo;une des promotions pour lesquelles des donn\u00e9es personnelles sont demand\u00e9es.<\/p><p class=\"p1\">Aux fins des dispositions du RGPD du 27 avril 2016, nous vous informons que les donn\u00e9es personnelles obtenues \u00e0 la suite de votre inscription en tant qu&rsquo;Utilisateur, seront incorpor\u00e9es \u00e0 un fichier appartenant \u00e0 ARTE Y MOVIMIENTO PRODUCCIONES, S.L. avec C.I.F B91110437 et adresse \u00e0 RECAREDO, 12. 5\u00baA, SEVILLA, 41003, SEVILLA, ayant appliqu\u00e9 les mesures de s\u00e9curit\u00e9 \u00e9tablies dans le d\u00e9cret royal 1720\/2007, du 11 juin.<\/p><p class=\"p3\"><b>Exactitude et v\u00e9racit\u00e9 des donn\u00e9es fournies<\/b><\/p><p class=\"p1\">L&rsquo;utilisateur est le seul responsable de la v\u00e9racit\u00e9 et de l&rsquo;exactitude des donn\u00e9es incluses, exon\u00e9rant ARTE Y MOVIMIENTO PRODUCCIONES, S.L. de toute responsabilit\u00e9 \u00e0 cet \u00e9gard. Los usuarios garantizan y responden, en cualquier caso, de la exactitud, vigencia y autenticidad de los datos personales facilitados, y se comprometen a mantenerlos debidamente actualizados. L&rsquo;utilisateur s&rsquo;engage \u00e0 fournir des informations compl\u00e8tes et correctes dans le formulaire d&rsquo;inscription ou d&rsquo;abonnement. ARTE Y MOVIMIENTO PRODUCCIONES, S.L. n&rsquo;est pas responsable de la v\u00e9racit\u00e9 des informations qui ne sont pas de sa propre \u00e9laboration et dont une autre source est indiqu\u00e9e, elle n&rsquo;assume donc aucune responsabilit\u00e9 pour les dommages hypoth\u00e9tiques qui pourraient \u00eatre caus\u00e9s par l&rsquo;utilisation de ces informations.<span class=\"Apple-converted-space\">  <\/span>ARTE Y MOVIMIENTO PRODUCCIONES, S.L. se r\u00e9serve le droit d&rsquo;actualiser, de modifier ou de supprimer les informations contenues dans ses pages web et peut m\u00eame limiter ou refuser l&rsquo;acc\u00e8s \u00e0 ces informations. ARTE Y MOVIMIENTO PRODUCCIONES, S.L. est exon\u00e9r\u00e9e de toute responsabilit\u00e9 pour tout dommage ou pr\u00e9judice que l&rsquo;utilisateur pourrait subir en raison d&rsquo;erreurs, de d\u00e9fauts ou d&rsquo;omissions dans les informations fournies par ARTE Y MOVIMIENTO PRODUCCIONES, S.L. d\u00e8s lors qu&rsquo;elles proviennent de sources ext\u00e9rieures \u00e0 ARTE Y MOVIMIENTO PRODUCCIONES, S.L..<span class=\"s1\">.<\/span><\/p><p class=\"p3\"><b>Cookies<\/b><\/p><p class=\"p1\">Le site www.artemovimiento.es n&rsquo;utilise pas de cookies. Il s&rsquo;agit de fichiers d&rsquo;informations physiques stock\u00e9s dans le terminal de l&rsquo;utilisateur et utilis\u00e9s pour faciliter la navigation de ce dernier sur le portail. Dans tous les cas, l&rsquo;utilisateur a la possibilit\u00e9 de configurer le navigateur de mani\u00e8re \u00e0 emp\u00eacher l&rsquo;installation de ces fichiers.<\/p><p class=\"p3\"><b>Finalit\u00e9s<\/b><\/p><p class=\"p1\">Les objectifs de ARTE Y MOVIMIENTO PRODUCCIONES, S.L. sont l&rsquo;entretien et la gestion de la relation avec l&rsquo;utilisateur, ainsi que des t\u00e2ches d&rsquo;information. [NOMBRE_EMPRESA]<\/p><p class=\"p3\"><b>Mineurs<\/b><\/p><p class=\"p1\">Dans le cas o\u00f9 certains de nos services s&rsquo;adressent sp\u00e9cifiquement aux mineurs, ARTE Y MOVIMIENTO PRODUCCIONES, S.L. demandera le consentement des parents ou des tuteurs pour la collecte des donn\u00e9es personnelles ou, le cas \u00e9ch\u00e9ant, pour le traitement automatis\u00e9 des donn\u00e9es.<\/p><p class=\"p3\"><b>Transfert de donn\u00e9es \u00e0 des tiers<\/b><\/p><p class=\"p1\">ARTE Y MOVIMIENTO PRODUCCIONES, S.L. ne c\u00e8de pas les donn\u00e9es des utilisateurs \u00e0 des tiers.<\/p><p class=\"p3\"><b>Exercice des droits d&rsquo;acc\u00e8s, de rectification, d&rsquo;annulation et d&rsquo;opposition<\/b><\/p><p class=\"p1\">Vous pouvez envoyer vos communications et exercer vos droits d&rsquo;acc\u00e8s, de rectification, de suppression, de limitation, de portabilit\u00e9 et d&rsquo;opposition \u00e0 l&rsquo;adresse Internet www.artemovimiento.es ou par courrier ordinaire adress\u00e9 \u00e0 ARTE Y MOVIMIENTO PRODUCCIONES, S.L., Ref. RGPD, en RECAREDO, 12. 5\u00baA, SEVILLA, 41003, SEVILLA. Pour exercer ces droits, vous devez prouver votre identit\u00e9 \u00e0 ARTE Y MOVIMIENTO PRODUCCIONES, S.L. en envoyant une photocopie de votre document national d&rsquo;identit\u00e9 ou tout autre moyen l\u00e9galement valable. Toutefois, la modification ou la rectification de vos donn\u00e9es d&rsquo;enregistrement peut \u00eatre effectu\u00e9e sur le site lui-m\u00eame en vous identifiant au pr\u00e9alable avec votre nom d&rsquo;utilisateur et votre mot de passe.<\/p><p class=\"p3\"><b>Mesures de s\u00e9curit\u00e9<\/b><\/p><p class=\"p1\">ARTE Y MOVIMIENTO PRODUCCIONES, S.L. <span class=\"Apple-converted-space\">  <\/span>a adopt\u00e9 les niveaux de s\u00e9curit\u00e9 l\u00e9galement requis pour la protection des Donn\u00e9es Personnelles, et s&rsquo;efforce d&rsquo;installer tous les autres moyens et mesures techniques suppl\u00e9mentaires \u00e0 sa port\u00e9e pour \u00e9viter la perte, le mauvais usage, l&rsquo;alt\u00e9ration, l&rsquo;acc\u00e8s non autoris\u00e9 et le vol des Donn\u00e9es Personnelles fournies \u00e0 ARTE Y MOVIMIENTO PRODUCCIONES, S. L. ne sera pas responsable des \u00e9ventuels dommages et int\u00e9r\u00eats pouvant d\u00e9couler d&rsquo;interf\u00e9rences, d&rsquo;omissions, d&rsquo;interruptions, de virus informatiques, de pannes t\u00e9l\u00e9phoniques ou de d\u00e9connexions dans le fonctionnement op\u00e9rationnel de ce syst\u00e8me \u00e9lectronique, caus\u00e9s par des raisons ind\u00e9pendantes de la volont\u00e9 de ARTE Y MOVIMIENTO PRODUCCIONES, S. L. ; les retards ou blocages dans l&rsquo;utilisation de ce syst\u00e8me \u00e9lectronique caus\u00e9s par des d\u00e9ficiences ou des surcharges des lignes t\u00e9l\u00e9phoniques ou des surcharges dans le Centre de traitement des donn\u00e9es, dans le syst\u00e8me Internet ou dans d&rsquo;autres syst\u00e8mes \u00e9lectroniques, ainsi que les dommages pouvant \u00eatre caus\u00e9s par des tiers par le biais d&rsquo;intromissions ill\u00e9gitimes \u00e9chappant au contr\u00f4le de ARTE Y MOVIMIENTO PRODUCCIONES, S.L.. Toutefois, l&rsquo;utilisateur doit \u00eatre conscient que les mesures de s\u00e9curit\u00e9 sur Internet ne sont pas inexpugnables.<\/p><p class=\"p3\"><b>Acceptation et consentement<\/b><\/p><p class=\"p1\">L&rsquo;utilisateur d\u00e9clare avoir \u00e9t\u00e9 inform\u00e9 des conditions de protection des donn\u00e9es personnelles, acceptant et consentant au traitement automatis\u00e9 de ces derni\u00e8res par ARTE Y MOVIMIENTO PRODUCCIONES, S.L., de la mani\u00e8re et aux fins indiqu\u00e9es dans la pr\u00e9sente politique de protection des donn\u00e9es personnelles. Certains services fournis sur le portail peuvent contenir des conditions particuli\u00e8res avec des dispositions sp\u00e9cifiques sur la protection des donn\u00e9es personnelles.<\/p>\t\t\t\t\t\t\t\t<\/div>\n\t\t\t\t\t<\/div>\n\t\t<\/div>\n\t\t\t\t\t<\/div>\n\t\t<\/section>\n\t\t\t\t<\/div>\n\t\t","protected":false},"excerpt":{"rendered":"<p>Mentions l\u00e9gales Le pr\u00e9sent avis juridique (ci-apr\u00e8s, l&rsquo;\u00a0\u00bb Avis juridique \u00ab\u00a0) r\u00e9git l&rsquo;utilisation du service du portail Internet www.artemovimiento.es (ci-apr\u00e8s, le \u00a0\u00bb Web \u00ab\u00a0) de ARTE Y MOVIMIENTO PRODUCCIONES, S.L. dont le si\u00e8ge social est situ\u00e9 \u00e0 RECAREDO, 12. 5\u00baA, SEVILLA, 41003, SEVILLA avec Siren B91110437. L\u00e9gislation En g\u00e9n\u00e9ral, les relations entre ARTE Y MOVIMIENTO [&hellip;]<\/p>\n","protected":false},"author":3,"featured_media":0,"parent":0,"menu_order":0,"comment_status":"closed","ping_status":"closed","template":"","meta":{"_acf_changed":false,"footnotes":""},"class_list":["post-9177","page","type-page","status-publish","hentry"],"acf":[],"_links":{"self":[{"href":"https:\/\/artemovimiento.es\/fr\/wp-json\/wp\/v2\/pages\/9177","targetHints":{"allow":["GET"]}}],"collection":[{"href":"https:\/\/artemovimiento.es\/fr\/wp-json\/wp\/v2\/pages"}],"about":[{"href":"https:\/\/artemovimiento.es\/fr\/wp-json\/wp\/v2\/types\/page"}],"author":[{"embeddable":true,"href":"https:\/\/artemovimiento.es\/fr\/wp-json\/wp\/v2\/users\/3"}],"replies":[{"embeddable":true,"href":"https:\/\/artemovimiento.es\/fr\/wp-json\/wp\/v2\/comments?post=9177"}],"version-history":[{"count":0,"href":"https:\/\/artemovimiento.es\/fr\/wp-json\/wp\/v2\/pages\/9177\/revisions"}],"wp:attachment":[{"href":"https:\/\/artemovimiento.es\/fr\/wp-json\/wp\/v2\/media?parent=9177"}],"curies":[{"name":"wp","href":"https:\/\/api.w.org\/{rel}","templated":true}]}}